{"id":999,"date":"2023-07-24T17:20:49","date_gmt":"2023-07-24T15:20:49","guid":{"rendered":"https:\/\/laplattea.com\/?page_id=999"},"modified":"2024-09-19T13:55:13","modified_gmt":"2024-09-19T11:55:13","slug":"menus-desayuno","status":"publish","type":"page","link":"https:\/\/laplattea.com\/en\/menus-desayuno\/","title":{"rendered":"Men\u00fas Desayuno"},"content":{"rendered":"<div data-elementor-type=\"wp-page\" data-elementor-id=\"999\" class=\"elementor elementor-999\" data-elementor-post-type=\"page\">\n\t\t\t\t\t\t<section class=\"elementor-section elementor-top-section elementor-element elementor-element-8f49c73 elementor-section-boxed elementor-section-height-default elementor-section-height-default\" data-id=\"8f49c73\" data-element_type=\"section\" data-settings=\"{&quot;background_background&quot;:&quot;classic&quot;}\">\n\t\t\t\t\t\t\t<div class=\"elementor-background-overlay\"><\/div>\n\t\t\t\t\t\t\t<div class=\"elementor-container elementor-column-gap-default\">\n\t\t\t\t\t<div class=\"elementor-column elementor-col-100 elementor-top-column elementor-element elementor-element-ede5549\" data-id=\"ede5549\" data-element_type=\"column\">\n\t\t\t<div class=\"elementor-widget-wrap elementor-element-populated\">\n\t\t\t\t\t\t<div class=\"elementor-element elementor-element-823a91c elementor-widget elementor-widget-heading\" data-id=\"823a91c\" data-element_type=\"widget\" data-widget_type=\"heading.default\">\n\t\t\t\t<div class=\"elementor-widget-container\">\n\t\t\t<h2 class=\"elementor-heading-title elementor-size-default\">Men\u00fas desayuno<\/h2>\t\t<\/div>\n\t\t\t\t<\/div>\n\t\t\t\t\t<\/div>\n\t\t<\/div>\n\t\t\t\t\t<\/div>\n\t\t<\/section>\n\t\t\t\t<section class=\"elementor-section elementor-top-section elementor-element elementor-element-c0dbe4a elementor-section-boxed elementor-section-height-default elementor-section-height-default\" data-id=\"c0dbe4a\" data-element_type=\"section\">\n\t\t\t\t\t\t<div class=\"elementor-container elementor-column-gap-extended\">\n\t\t\t\t\t<div class=\"elementor-column elementor-col-50 elementor-top-column elementor-element elementor-element-19c038b\" data-id=\"19c038b\" data-element_type=\"column\">\n\t\t\t<div class=\"elementor-widget-wrap elementor-element-populated\">\n\t\t\t\t\t\t<div class=\"elementor-element elementor-element-aab58ee elementor-widget elementor-widget-heading\" data-id=\"aab58ee\" data-element_type=\"widget\" data-widget_type=\"heading.default\">\n\t\t\t\t<div class=\"elementor-widget-container\">\n\t\t\t<h3 class=\"elementor-heading-title elementor-size-default\">Men\u00fa desayuno\u200b b\u00e1sico<\/h3>\t\t<\/div>\n\t\t\t\t<\/div>\n\t\t\t\t<div class=\"elementor-element elementor-element-f5ef1cb elementor-widget elementor-widget-image\" data-id=\"f5ef1cb\" data-element_type=\"widget\" data-widget_type=\"image.default\">\n\t\t\t\t<div class=\"elementor-widget-container\">\n\t\t\t\t\t\t\t\t\t\t\t\t\t<img fetchpriority=\"high\" decoding=\"async\" width=\"500\" height=\"500\" src=\"https:\/\/laplattea.com\/wp-content\/uploads\/2023\/07\/MENU-DESAYUNO-BASICO.jpg\" class=\"attachment-large size-large wp-image-349\" alt=\"MENU DESAYUNO BASICO\" srcset=\"https:\/\/laplattea.com\/wp-content\/uploads\/2023\/07\/MENU-DESAYUNO-BASICO.jpg 500w, https:\/\/laplattea.com\/wp-content\/uploads\/2023\/07\/MENU-DESAYUNO-BASICO-300x300.jpg 300w, https:\/\/laplattea.com\/wp-content\/uploads\/2023\/07\/MENU-DESAYUNO-BASICO-150x150.jpg 150w, https:\/\/laplattea.com\/wp-content\/uploads\/2023\/07\/MENU-DESAYUNO-BASICO-12x12.jpg 12w\" sizes=\"(max-width: 500px) 100vw, 500px\" \/>\t\t\t\t\t\t\t\t\t\t\t\t\t<\/div>\n\t\t\t\t<\/div>\n\t\t\t\t<div class=\"elementor-element elementor-element-4fc8fdf elementor-widget elementor-widget-text-editor\" data-id=\"4fc8fdf\" data-element_type=\"widget\" data-widget_type=\"text-editor.default\">\n\t\t\t\t<div class=\"elementor-widget-container\">\n\t\t\t\t\t\t\t<ul><li>Caf\u00e9 y Croissant o Tostada mantequilla mermelada<\/li><li>suplemento de zumo naranja natural peque\u00f1o 1,50 \u20ac<\/li><li>Suplemento por servicio en terraza 0,20 \u20ac<\/li><li>DE LUNES A VIERNES HASTA LAS 12,00 AM EXCEPTO FINES DE SEMANA Y FESTIVOS<\/li><\/ul><div>\u00a0<\/div><div><strong>Contiene:<\/strong><\/div><div><div><img decoding=\"async\" class=\"alignnone wp-image-1315\" src=\"https:\/\/laplattea.com\/wp-content\/uploads\/2023\/11\/gluten.jpg\" alt=\"\" width=\"58\" height=\"58\" srcset=\"https:\/\/laplattea.com\/wp-content\/uploads\/2023\/11\/gluten.jpg 128w, https:\/\/laplattea.com\/wp-content\/uploads\/2023\/11\/gluten-12x12.jpg 12w\" sizes=\"(max-width: 58px) 100vw, 58px\" \/> <img decoding=\"async\" class=\"alignnone wp-image-1313\" src=\"https:\/\/laplattea.com\/wp-content\/uploads\/2023\/11\/cereales.jpg\" alt=\"\" width=\"58\" height=\"58\" srcset=\"https:\/\/laplattea.com\/wp-content\/uploads\/2023\/11\/cereales.jpg 128w, https:\/\/laplattea.com\/wp-content\/uploads\/2023\/11\/cereales-12x12.jpg 12w\" sizes=\"(max-width: 58px) 100vw, 58px\" \/> <img loading=\"lazy\" decoding=\"async\" class=\"alignnone wp-image-1317\" src=\"https:\/\/laplattea.com\/wp-content\/uploads\/2023\/11\/lacteos.jpg\" alt=\"\" width=\"58\" height=\"58\" srcset=\"https:\/\/laplattea.com\/wp-content\/uploads\/2023\/11\/lacteos.jpg 128w, https:\/\/laplattea.com\/wp-content\/uploads\/2023\/11\/lacteos-12x12.jpg 12w\" sizes=\"(max-width: 58px) 100vw, 58px\" \/> \u00a0<\/div><div><strong>Puede contener:<\/strong><\/div><div><img loading=\"lazy\" decoding=\"async\" class=\"alignnone wp-image-1311\" src=\"https:\/\/laplattea.com\/wp-content\/uploads\/2023\/11\/nueces.jpg\" alt=\"\" width=\"58\" height=\"58\" srcset=\"https:\/\/laplattea.com\/wp-content\/uploads\/2023\/11\/nueces.jpg 128w, https:\/\/laplattea.com\/wp-content\/uploads\/2023\/11\/nueces-12x12.jpg 12w\" sizes=\"(max-width: 58px) 100vw, 58px\" \/><img loading=\"lazy\" decoding=\"async\" class=\"alignnone wp-image-1316\" src=\"https:\/\/laplattea.com\/wp-content\/uploads\/2023\/11\/huevos.jpg\" alt=\"\" width=\"58\" height=\"58\" srcset=\"https:\/\/laplattea.com\/wp-content\/uploads\/2023\/11\/huevos.jpg 128w, https:\/\/laplattea.com\/wp-content\/uploads\/2023\/11\/huevos-12x12.jpg 12w\" sizes=\"(max-width: 58px) 100vw, 58px\" \/><\/div><\/div>\t\t\t\t\t\t<\/div>\n\t\t\t\t<\/div>\n\t\t\t\t\t<\/div>\n\t\t<\/div>\n\t\t\t\t<div class=\"elementor-column elementor-col-50 elementor-top-column elementor-element elementor-element-49244ab\" data-id=\"49244ab\" data-element_type=\"column\">\n\t\t\t<div class=\"elementor-widget-wrap elementor-element-populated\">\n\t\t\t\t\t\t<div class=\"elementor-element elementor-element-52bcd9f elementor-widget elementor-widget-heading\" data-id=\"52bcd9f\" data-element_type=\"widget\" data-widget_type=\"heading.default\">\n\t\t\t\t<div class=\"elementor-widget-container\">\n\t\t\t<h3 class=\"elementor-heading-title elementor-size-default\">Men\u00fa desayuno m\u00e9dium\u200b<\/h3>\t\t<\/div>\n\t\t\t\t<\/div>\n\t\t\t\t<div class=\"elementor-element elementor-element-5296f35 elementor-widget elementor-widget-image\" data-id=\"5296f35\" data-element_type=\"widget\" data-widget_type=\"image.default\">\n\t\t\t\t<div class=\"elementor-widget-container\">\n\t\t\t\t\t\t\t\t\t\t\t\t\t<img loading=\"lazy\" decoding=\"async\" width=\"500\" height=\"500\" src=\"https:\/\/laplattea.com\/wp-content\/uploads\/2023\/07\/Pinchos-de-tortilla.jpg\" class=\"attachment-large size-large wp-image-255\" alt=\"Pinchos de tortilla\" srcset=\"https:\/\/laplattea.com\/wp-content\/uploads\/2023\/07\/Pinchos-de-tortilla.jpg 500w, https:\/\/laplattea.com\/wp-content\/uploads\/2023\/07\/Pinchos-de-tortilla-300x300.jpg 300w, https:\/\/laplattea.com\/wp-content\/uploads\/2023\/07\/Pinchos-de-tortilla-150x150.jpg 150w, https:\/\/laplattea.com\/wp-content\/uploads\/2023\/07\/Pinchos-de-tortilla-12x12.jpg 12w\" sizes=\"(max-width: 500px) 100vw, 500px\" \/>\t\t\t\t\t\t\t\t\t\t\t\t\t<\/div>\n\t\t\t\t<\/div>\n\t\t\t\t<div class=\"elementor-element elementor-element-52cf903 elementor-widget elementor-widget-text-editor\" data-id=\"52cf903\" data-element_type=\"widget\" data-widget_type=\"text-editor.default\">\n\t\t\t\t<div class=\"elementor-widget-container\">\n\t\t\t\t\t\t\t<ul><li>A elegir Caf\u00e9 y croissant plancha o tostada aceite y tomate o pincho tortilla<\/li><li>Croissant Plancha \u00f3 tostada de aceite y tomate o PinchoPollo bacon queso \u00f3 Focaccia de Mozzarella-pesto \u00f3 pincho tortilla campera<\/li><li>Suplemento zumo naranja natural 1,50 \u20ac<\/li><li>suplementos en terraza 0,20 \u20ac<\/li><li>Leches especiales o infusiones +0.20\u20ac<\/li><li>LUNES A VIERNES HASTA LAS 12,00 H AM<\/li><li>EXCLUIDO FESTIVOS Y FINES DE SEMANA<\/li><\/ul><div>\u00a0<\/div><div><strong>Contiene:<\/strong><\/div><div><div><img decoding=\"async\" class=\"alignnone wp-image-1315\" src=\"https:\/\/laplattea.com\/wp-content\/uploads\/2023\/11\/gluten.jpg\" alt=\"\" width=\"58\" height=\"58\" srcset=\"https:\/\/laplattea.com\/wp-content\/uploads\/2023\/11\/gluten.jpg 128w, https:\/\/laplattea.com\/wp-content\/uploads\/2023\/11\/gluten-12x12.jpg 12w\" sizes=\"(max-width: 58px) 100vw, 58px\" \/> <img decoding=\"async\" class=\"alignnone wp-image-1313\" src=\"https:\/\/laplattea.com\/wp-content\/uploads\/2023\/11\/cereales.jpg\" alt=\"\" width=\"58\" height=\"58\" srcset=\"https:\/\/laplattea.com\/wp-content\/uploads\/2023\/11\/cereales.jpg 128w, https:\/\/laplattea.com\/wp-content\/uploads\/2023\/11\/cereales-12x12.jpg 12w\" sizes=\"(max-width: 58px) 100vw, 58px\" \/> <img loading=\"lazy\" decoding=\"async\" class=\"alignnone wp-image-1317\" src=\"https:\/\/laplattea.com\/wp-content\/uploads\/2023\/11\/lacteos.jpg\" alt=\"\" width=\"58\" height=\"58\" srcset=\"https:\/\/laplattea.com\/wp-content\/uploads\/2023\/11\/lacteos.jpg 128w, https:\/\/laplattea.com\/wp-content\/uploads\/2023\/11\/lacteos-12x12.jpg 12w\" sizes=\"(max-width: 58px) 100vw, 58px\" \/> \u00a0<\/div><div><strong>Puede contener:<\/strong><\/div><div><img loading=\"lazy\" decoding=\"async\" class=\"alignnone wp-image-1311\" src=\"https:\/\/laplattea.com\/wp-content\/uploads\/2023\/11\/nueces.jpg\" alt=\"\" width=\"58\" height=\"58\" srcset=\"https:\/\/laplattea.com\/wp-content\/uploads\/2023\/11\/nueces.jpg 128w, https:\/\/laplattea.com\/wp-content\/uploads\/2023\/11\/nueces-12x12.jpg 12w\" sizes=\"(max-width: 58px) 100vw, 58px\" \/><img loading=\"lazy\" decoding=\"async\" class=\"alignnone wp-image-1316\" src=\"https:\/\/laplattea.com\/wp-content\/uploads\/2023\/11\/huevos.jpg\" alt=\"\" width=\"58\" height=\"58\" srcset=\"https:\/\/laplattea.com\/wp-content\/uploads\/2023\/11\/huevos.jpg 128w, https:\/\/laplattea.com\/wp-content\/uploads\/2023\/11\/huevos-12x12.jpg 12w\" sizes=\"(max-width: 58px) 100vw, 58px\" \/><\/div><\/div><div>\u00a0<\/div>\t\t\t\t\t\t<\/div>\n\t\t\t\t<\/div>\n\t\t\t\t\t<\/div>\n\t\t<\/div>\n\t\t\t\t\t<\/div>\n\t\t<\/section>\n\t\t\t\t<section class=\"elementor-section elementor-top-section elementor-element elementor-element-bbfee10 elementor-section-boxed elementor-section-height-default elementor-section-height-default\" data-id=\"bbfee10\" data-element_type=\"section\">\n\t\t\t\t\t\t<div class=\"elementor-container elementor-column-gap-extended\">\n\t\t\t\t\t<div class=\"elementor-column elementor-col-50 elementor-top-column elementor-element elementor-element-268b2ce\" data-id=\"268b2ce\" data-element_type=\"column\">\n\t\t\t<div class=\"elementor-widget-wrap elementor-element-populated\">\n\t\t\t\t\t\t<div class=\"elementor-element elementor-element-088b892 elementor-widget elementor-widget-heading\" data-id=\"088b892\" data-element_type=\"widget\" data-widget_type=\"heading.default\">\n\t\t\t\t<div class=\"elementor-widget-container\">\n\t\t\t<h3 class=\"elementor-heading-title elementor-size-default\">Men\u00fa desayuno La Plattea\u200b<\/h3>\t\t<\/div>\n\t\t\t\t<\/div>\n\t\t\t\t<div class=\"elementor-element elementor-element-abfd2b2 elementor-widget elementor-widget-text-editor\" data-id=\"abfd2b2\" data-element_type=\"widget\" data-widget_type=\"text-editor.default\">\n\t\t\t\t<div class=\"elementor-widget-container\">\n\t\t\t\t\t\t\t<ul><li>Caf\u00e9 y Sandwich Plattea \u00f3 Sandwich Vegetal \u00f3 Focaccia Paleta de cebo y queso brie<\/li><li>Suplemento zumo naranja natural 1,50 \u20ac<\/li><li>suplementos servicio en terraza 0,20 \u20ac<\/li><li>Leches especiales o infusiones +0.20\u20ac<\/li><li>DE LUNES A VIERNES HASTA LAS 12,00 H AM EXCEPTO FINES DE SEMANA Y FESTIVOS<\/li><\/ul><div><strong>Contiene:<\/strong><\/div><div><div><img decoding=\"async\" class=\"alignnone wp-image-1315\" src=\"https:\/\/laplattea.com\/wp-content\/uploads\/2023\/11\/gluten.jpg\" alt=\"\" width=\"58\" height=\"58\" srcset=\"https:\/\/laplattea.com\/wp-content\/uploads\/2023\/11\/gluten.jpg 128w, https:\/\/laplattea.com\/wp-content\/uploads\/2023\/11\/gluten-12x12.jpg 12w\" sizes=\"(max-width: 58px) 100vw, 58px\" \/><img loading=\"lazy\" decoding=\"async\" class=\"alignnone wp-image-1314\" src=\"https:\/\/laplattea.com\/wp-content\/uploads\/2023\/11\/frutos-secos.jpg\" alt=\"\" width=\"58\" height=\"58\" srcset=\"https:\/\/laplattea.com\/wp-content\/uploads\/2023\/11\/frutos-secos.jpg 128w, https:\/\/laplattea.com\/wp-content\/uploads\/2023\/11\/frutos-secos-12x12.jpg 12w\" sizes=\"(max-width: 58px) 100vw, 58px\" \/> <img loading=\"lazy\" decoding=\"async\" class=\"alignnone wp-image-1330\" src=\"https:\/\/laplattea.com\/wp-content\/uploads\/2023\/11\/crustaceos.jpg\" alt=\"\" width=\"58\" height=\"58\" srcset=\"https:\/\/laplattea.com\/wp-content\/uploads\/2023\/11\/crustaceos.jpg 128w, https:\/\/laplattea.com\/wp-content\/uploads\/2023\/11\/crustaceos-12x12.jpg 12w\" sizes=\"(max-width: 58px) 100vw, 58px\" \/><img decoding=\"async\" class=\"alignnone wp-image-1313\" src=\"https:\/\/laplattea.com\/wp-content\/uploads\/2023\/11\/cereales.jpg\" alt=\"\" width=\"58\" height=\"58\" srcset=\"https:\/\/laplattea.com\/wp-content\/uploads\/2023\/11\/cereales.jpg 128w, https:\/\/laplattea.com\/wp-content\/uploads\/2023\/11\/cereales-12x12.jpg 12w\" sizes=\"(max-width: 58px) 100vw, 58px\" \/><img loading=\"lazy\" decoding=\"async\" class=\"alignnone wp-image-1317\" src=\"https:\/\/laplattea.com\/wp-content\/uploads\/2023\/11\/lacteos.jpg\" alt=\"\" width=\"58\" height=\"58\" srcset=\"https:\/\/laplattea.com\/wp-content\/uploads\/2023\/11\/lacteos.jpg 128w, https:\/\/laplattea.com\/wp-content\/uploads\/2023\/11\/lacteos-12x12.jpg 12w\" sizes=\"(max-width: 58px) 100vw, 58px\" \/><img loading=\"lazy\" decoding=\"async\" class=\"alignnone wp-image-1318\" src=\"https:\/\/laplattea.com\/wp-content\/uploads\/2023\/11\/moluscos.jpg\" alt=\"\" width=\"58\" height=\"58\" srcset=\"https:\/\/laplattea.com\/wp-content\/uploads\/2023\/11\/moluscos.jpg 128w, https:\/\/laplattea.com\/wp-content\/uploads\/2023\/11\/moluscos-12x12.jpg 12w\" sizes=\"(max-width: 58px) 100vw, 58px\" \/> <img loading=\"lazy\" decoding=\"async\" class=\"alignnone wp-image-1329\" src=\"https:\/\/laplattea.com\/wp-content\/uploads\/2023\/11\/mostaza.jpg\" alt=\"\" width=\"58\" height=\"58\" srcset=\"https:\/\/laplattea.com\/wp-content\/uploads\/2023\/11\/mostaza.jpg 128w, https:\/\/laplattea.com\/wp-content\/uploads\/2023\/11\/mostaza-12x12.jpg 12w\" sizes=\"(max-width: 58px) 100vw, 58px\" \/><img loading=\"lazy\" decoding=\"async\" class=\"alignnone wp-image-1311\" src=\"https:\/\/laplattea.com\/wp-content\/uploads\/2023\/11\/nueces.jpg\" alt=\"\" width=\"58\" height=\"58\" srcset=\"https:\/\/laplattea.com\/wp-content\/uploads\/2023\/11\/nueces.jpg 128w, https:\/\/laplattea.com\/wp-content\/uploads\/2023\/11\/nueces-12x12.jpg 12w\" sizes=\"(max-width: 58px) 100vw, 58px\" \/><img loading=\"lazy\" decoding=\"async\" class=\"alignnone wp-image-1316\" src=\"https:\/\/laplattea.com\/wp-content\/uploads\/2023\/11\/huevos.jpg\" alt=\"\" width=\"58\" height=\"58\" srcset=\"https:\/\/laplattea.com\/wp-content\/uploads\/2023\/11\/huevos.jpg 128w, https:\/\/laplattea.com\/wp-content\/uploads\/2023\/11\/huevos-12x12.jpg 12w\" sizes=\"(max-width: 58px) 100vw, 58px\" \/><\/div><\/div>\t\t\t\t\t\t<\/div>\n\t\t\t\t<\/div>\n\t\t\t\t\t<\/div>\n\t\t<\/div>\n\t\t\t\t<div class=\"elementor-column elementor-col-50 elementor-top-column elementor-element elementor-element-135dda7\" data-id=\"135dda7\" data-element_type=\"column\">\n\t\t\t<div class=\"elementor-widget-wrap elementor-element-populated\">\n\t\t\t\t\t\t<div class=\"elementor-element elementor-element-5901b99 elementor-widget elementor-widget-heading\" data-id=\"5901b99\" data-element_type=\"widget\" data-widget_type=\"heading.default\">\n\t\t\t\t<div class=\"elementor-widget-container\">\n\t\t\t<h3 class=\"elementor-heading-title elementor-size-default\">Men\u00fa desayuno Premium\u200b<\/h3>\t\t<\/div>\n\t\t\t\t<\/div>\n\t\t\t\t<div class=\"elementor-element elementor-element-b7c9ee1 elementor-widget elementor-widget-image\" data-id=\"b7c9ee1\" data-element_type=\"widget\" data-widget_type=\"image.default\">\n\t\t\t\t<div class=\"elementor-widget-container\">\n\t\t\t\t\t\t\t\t\t\t\t\t\t<img loading=\"lazy\" decoding=\"async\" width=\"500\" height=\"500\" src=\"https:\/\/laplattea.com\/wp-content\/uploads\/2023\/07\/Menu-Desayuno-Premium.jpg\" class=\"attachment-large size-large wp-image-351\" alt=\"Menu Desayuno Premium\" srcset=\"https:\/\/laplattea.com\/wp-content\/uploads\/2023\/07\/Menu-Desayuno-Premium.jpg 500w, https:\/\/laplattea.com\/wp-content\/uploads\/2023\/07\/Menu-Desayuno-Premium-300x300.jpg 300w, https:\/\/laplattea.com\/wp-content\/uploads\/2023\/07\/Menu-Desayuno-Premium-150x150.jpg 150w, https:\/\/laplattea.com\/wp-content\/uploads\/2023\/07\/Menu-Desayuno-Premium-12x12.jpg 12w\" sizes=\"(max-width: 500px) 100vw, 500px\" \/>\t\t\t\t\t\t\t\t\t\t\t\t\t<\/div>\n\t\t\t\t<\/div>\n\t\t\t\t<div class=\"elementor-element elementor-element-4c1479e elementor-widget elementor-widget-text-editor\" data-id=\"4c1479e\" data-element_type=\"widget\" data-widget_type=\"text-editor.default\">\n\t\t\t\t<div class=\"elementor-widget-container\">\n\t\t\t\t\t\t\t<ul><li>Caf\u00e9 y Wrap pollo \u00f3 Tostada aceite y tomate y Paleta de cebo<\/li><li>Suplemento zumo naranja natural 1,50 \u20ac<\/li><li>suplementos servicio en terraza 0,20 \u20ac<\/li><li>Leches especiales o infusiones +0.20\u20ac<\/li><li>DE LUNES A VIERNES HASTA LAS 12,00 AM EXCEPTO FINES DE SEMANA Y FESTIVOS<\/li><\/ul><div><strong>Contiene:<\/strong><\/div><div><div><img decoding=\"async\" class=\"alignnone wp-image-1315\" src=\"https:\/\/laplattea.com\/wp-content\/uploads\/2023\/11\/gluten.jpg\" alt=\"\" width=\"58\" height=\"58\" srcset=\"https:\/\/laplattea.com\/wp-content\/uploads\/2023\/11\/gluten.jpg 128w, https:\/\/laplattea.com\/wp-content\/uploads\/2023\/11\/gluten-12x12.jpg 12w\" sizes=\"(max-width: 58px) 100vw, 58px\" \/>\u00a0<img decoding=\"async\" class=\"alignnone wp-image-1313\" src=\"https:\/\/laplattea.com\/wp-content\/uploads\/2023\/11\/cereales.jpg\" alt=\"\" width=\"58\" height=\"58\" srcset=\"https:\/\/laplattea.com\/wp-content\/uploads\/2023\/11\/cereales.jpg 128w, https:\/\/laplattea.com\/wp-content\/uploads\/2023\/11\/cereales-12x12.jpg 12w\" sizes=\"(max-width: 58px) 100vw, 58px\" \/><img loading=\"lazy\" decoding=\"async\" class=\"alignnone wp-image-1317\" src=\"https:\/\/laplattea.com\/wp-content\/uploads\/2023\/11\/lacteos.jpg\" alt=\"\" width=\"58\" height=\"58\" srcset=\"https:\/\/laplattea.com\/wp-content\/uploads\/2023\/11\/lacteos.jpg 128w, https:\/\/laplattea.com\/wp-content\/uploads\/2023\/11\/lacteos-12x12.jpg 12w\" sizes=\"(max-width: 58px) 100vw, 58px\" \/><img loading=\"lazy\" decoding=\"async\" class=\"alignnone wp-image-1318\" src=\"https:\/\/laplattea.com\/wp-content\/uploads\/2023\/11\/moluscos.jpg\" alt=\"\" width=\"58\" height=\"58\" srcset=\"https:\/\/laplattea.com\/wp-content\/uploads\/2023\/11\/moluscos.jpg 128w, https:\/\/laplattea.com\/wp-content\/uploads\/2023\/11\/moluscos-12x12.jpg 12w\" sizes=\"(max-width: 58px) 100vw, 58px\" \/><img loading=\"lazy\" decoding=\"async\" class=\"alignnone wp-image-1311\" src=\"https:\/\/laplattea.com\/wp-content\/uploads\/2023\/11\/nueces.jpg\" alt=\"\" width=\"58\" height=\"58\" srcset=\"https:\/\/laplattea.com\/wp-content\/uploads\/2023\/11\/nueces.jpg 128w, https:\/\/laplattea.com\/wp-content\/uploads\/2023\/11\/nueces-12x12.jpg 12w\" sizes=\"(max-width: 58px) 100vw, 58px\" \/><img loading=\"lazy\" decoding=\"async\" class=\"alignnone wp-image-1316\" src=\"https:\/\/laplattea.com\/wp-content\/uploads\/2023\/11\/huevos.jpg\" alt=\"\" width=\"58\" height=\"58\" srcset=\"https:\/\/laplattea.com\/wp-content\/uploads\/2023\/11\/huevos.jpg 128w, https:\/\/laplattea.com\/wp-content\/uploads\/2023\/11\/huevos-12x12.jpg 12w\" sizes=\"(max-width: 58px) 100vw, 58px\" \/><\/div><div><strong>Puede contener:<\/strong><\/div><div><img loading=\"lazy\" decoding=\"async\" class=\"alignnone wp-image-1314\" src=\"https:\/\/laplattea.com\/wp-content\/uploads\/2023\/11\/frutos-secos.jpg\" alt=\"\" width=\"58\" height=\"58\" srcset=\"https:\/\/laplattea.com\/wp-content\/uploads\/2023\/11\/frutos-secos.jpg 128w, https:\/\/laplattea.com\/wp-content\/uploads\/2023\/11\/frutos-secos-12x12.jpg 12w\" sizes=\"(max-width: 58px) 100vw, 58px\" \/><\/div><\/div>\t\t\t\t\t\t<\/div>\n\t\t\t\t<\/div>\n\t\t\t\t\t<\/div>\n\t\t<\/div>\n\t\t\t\t\t<\/div>\n\t\t<\/section>\n\t\t\t\t<\/div>","protected":false},"excerpt":{"rendered":"<p>Men\u00fas desayuno Men\u00fa desayuno\u200b b\u00e1sico Caf\u00e9 y Croissant o Tostada mantequilla mermelada suplemento de zumo naranja natural peque\u00f1o 1,50 \u20ac Suplemento por servicio en terraza 0,20 \u20ac DE LUNES A VIERNES HASTA LAS 12,00 AM EXCEPTO FINES DE SEMANA Y FESTIVOS \u00a0Contiene: \u00a0Puede contener: Men\u00fa desayuno m\u00e9dium\u200b A elegir Caf\u00e9 y croissant plancha o tostada&hellip;&nbsp;<a href=\"https:\/\/laplattea.com\/en\/menus-desayuno\/\" class=\"\" rel=\"bookmark\">Read More &raquo;<span class=\"screen-reader-text\">Men\u00fas Desayuno<\/span><\/a><\/p>","protected":false},"author":1,"featured_media":0,"parent":0,"menu_order":0,"comment_status":"closed","ping_status":"closed","template":"page-templates\/template-pagebuilder-full-width.php","meta":{"neve_meta_sidebar":"","neve_meta_container":"","neve_meta_enable_content_width":"","neve_meta_content_width":0,"neve_meta_title_alignment":"","neve_meta_author_avatar":"","neve_post_elements_order":"","neve_meta_disable_header":"","neve_meta_disable_footer":"","neve_meta_disable_title":"on","neve_meta_reading_time":"","footnotes":""},"class_list":["post-999","page","type-page","status-publish","hentry"],"yoast_head":"<!-- This site is optimized with the Yoast SEO Premium plugin v20.9 (Yoast SEO v23.4) - https:\/\/yoast.com\/wordpress\/plugins\/seo\/ -->\n<title>Men\u00fas Desayuno - La Plattea<\/title>\n<meta name=\"description\" content=\"Cafeter\u00eda vintage en Gij\u00f3n. D\u00e9jate cautivar por el encanto de nuestro ambiente retro mientras saboreas exquisitos caf\u00e9s y deliciosos postres.\" \/>\n<meta name=\"robots\" content=\"index, follow, max-snippet:-1, max-image-preview:large, max-video-preview:-1\" \/>\n<link rel=\"canonical\" href=\"https:\/\/laplattea.com\/en\/menus-desayuno\/\" \/>\n<meta property=\"og:locale\" content=\"en_US\" \/>\n<meta property=\"og:type\" content=\"article\" \/>\n<meta property=\"og:title\" content=\"Men\u00fas Desayuno\" \/>\n<meta property=\"og:description\" content=\"Cafeter\u00eda vintage en Gij\u00f3n. D\u00e9jate cautivar por el encanto de nuestro ambiente retro mientras saboreas exquisitos caf\u00e9s y deliciosos postres.\" \/>\n<meta property=\"og:url\" content=\"https:\/\/laplattea.com\/en\/menus-desayuno\/\" \/>\n<meta property=\"og:site_name\" content=\"La Plattea\" \/>\n<meta property=\"article:modified_time\" content=\"2024-09-19T11:55:13+00:00\" \/>\n<meta property=\"og:image\" content=\"https:\/\/laplattea.com\/wp-content\/uploads\/2023\/07\/MENU-DESAYUNO-BASICO.jpg\" \/>\n<meta name=\"twitter:card\" content=\"summary_large_image\" \/>\n<meta name=\"twitter:label1\" content=\"Est. reading time\" \/>\n\t<meta name=\"twitter:data1\" content=\"7 minutes\" \/>\n<script type=\"application\/ld+json\" class=\"yoast-schema-graph\">{\"@context\":\"https:\/\/schema.org\",\"@graph\":[{\"@type\":\"WebPage\",\"@id\":\"https:\/\/laplattea.com\/menus-desayuno\/\",\"url\":\"https:\/\/laplattea.com\/menus-desayuno\/\",\"name\":\"Men\u00fas Desayuno - La Plattea\",\"isPartOf\":{\"@id\":\"https:\/\/laplattea.com\/#website\"},\"primaryImageOfPage\":{\"@id\":\"https:\/\/laplattea.com\/menus-desayuno\/#primaryimage\"},\"image\":{\"@id\":\"https:\/\/laplattea.com\/menus-desayuno\/#primaryimage\"},\"thumbnailUrl\":\"https:\/\/laplattea.com\/wp-content\/uploads\/2023\/07\/MENU-DESAYUNO-BASICO.jpg\",\"datePublished\":\"2023-07-24T15:20:49+00:00\",\"dateModified\":\"2024-09-19T11:55:13+00:00\",\"description\":\"Cafeter\u00eda vintage en Gij\u00f3n. D\u00e9jate cautivar por el encanto de nuestro ambiente retro mientras saboreas exquisitos caf\u00e9s y deliciosos postres.\",\"breadcrumb\":{\"@id\":\"https:\/\/laplattea.com\/menus-desayuno\/#breadcrumb\"},\"inLanguage\":\"en-US\",\"potentialAction\":[{\"@type\":\"ReadAction\",\"target\":[\"https:\/\/laplattea.com\/menus-desayuno\/\"]}]},{\"@type\":\"ImageObject\",\"inLanguage\":\"en-US\",\"@id\":\"https:\/\/laplattea.com\/menus-desayuno\/#primaryimage\",\"url\":\"https:\/\/laplattea.com\/wp-content\/uploads\/2023\/07\/MENU-DESAYUNO-BASICO.jpg\",\"contentUrl\":\"https:\/\/laplattea.com\/wp-content\/uploads\/2023\/07\/MENU-DESAYUNO-BASICO.jpg\"},{\"@type\":\"BreadcrumbList\",\"@id\":\"https:\/\/laplattea.com\/menus-desayuno\/#breadcrumb\",\"itemListElement\":[{\"@type\":\"ListItem\",\"position\":1,\"name\":\"Portada\",\"item\":\"https:\/\/laplattea.com\/\"},{\"@type\":\"ListItem\",\"position\":2,\"name\":\"Men\u00fas Desayuno\"}]},{\"@type\":\"WebSite\",\"@id\":\"https:\/\/laplattea.com\/#website\",\"url\":\"https:\/\/laplattea.com\/\",\"name\":\"La Plattea\",\"description\":\"Just another WordPress site\",\"potentialAction\":[{\"@type\":\"SearchAction\",\"target\":{\"@type\":\"EntryPoint\",\"urlTemplate\":\"https:\/\/laplattea.com\/?s={search_term_string}\"},\"query-input\":{\"@type\":\"PropertyValueSpecification\",\"valueRequired\":true,\"valueName\":\"search_term_string\"}}],\"inLanguage\":\"en-US\"}]}<\/script>\n<!-- \/ Yoast SEO Premium plugin. -->","yoast_head_json":{"title":"Men\u00fas Desayuno - La Plattea","description":"Cafeter\u00eda vintage en Gij\u00f3n. D\u00e9jate cautivar por el encanto de nuestro ambiente retro mientras saboreas exquisitos caf\u00e9s y deliciosos postres.","robots":{"index":"index","follow":"follow","max-snippet":"max-snippet:-1","max-image-preview":"max-image-preview:large","max-video-preview":"max-video-preview:-1"},"canonical":"https:\/\/laplattea.com\/en\/menus-desayuno\/","og_locale":"en_US","og_type":"article","og_title":"Men\u00fas Desayuno","og_description":"Cafeter\u00eda vintage en Gij\u00f3n. D\u00e9jate cautivar por el encanto de nuestro ambiente retro mientras saboreas exquisitos caf\u00e9s y deliciosos postres.","og_url":"https:\/\/laplattea.com\/en\/menus-desayuno\/","og_site_name":"La Plattea","article_modified_time":"2024-09-19T11:55:13+00:00","og_image":[{"url":"https:\/\/laplattea.com\/wp-content\/uploads\/2023\/07\/MENU-DESAYUNO-BASICO.jpg"}],"twitter_card":"summary_large_image","twitter_misc":{"Est. reading time":"7 minutes"},"schema":{"@context":"https:\/\/schema.org","@graph":[{"@type":"WebPage","@id":"https:\/\/laplattea.com\/menus-desayuno\/","url":"https:\/\/laplattea.com\/menus-desayuno\/","name":"Men\u00fas Desayuno - La Plattea","isPartOf":{"@id":"https:\/\/laplattea.com\/#website"},"primaryImageOfPage":{"@id":"https:\/\/laplattea.com\/menus-desayuno\/#primaryimage"},"image":{"@id":"https:\/\/laplattea.com\/menus-desayuno\/#primaryimage"},"thumbnailUrl":"https:\/\/laplattea.com\/wp-content\/uploads\/2023\/07\/MENU-DESAYUNO-BASICO.jpg","datePublished":"2023-07-24T15:20:49+00:00","dateModified":"2024-09-19T11:55:13+00:00","description":"Cafeter\u00eda vintage en Gij\u00f3n. D\u00e9jate cautivar por el encanto de nuestro ambiente retro mientras saboreas exquisitos caf\u00e9s y deliciosos postres.","breadcrumb":{"@id":"https:\/\/laplattea.com\/menus-desayuno\/#breadcrumb"},"inLanguage":"en-US","potentialAction":[{"@type":"ReadAction","target":["https:\/\/laplattea.com\/menus-desayuno\/"]}]},{"@type":"ImageObject","inLanguage":"en-US","@id":"https:\/\/laplattea.com\/menus-desayuno\/#primaryimage","url":"https:\/\/laplattea.com\/wp-content\/uploads\/2023\/07\/MENU-DESAYUNO-BASICO.jpg","contentUrl":"https:\/\/laplattea.com\/wp-content\/uploads\/2023\/07\/MENU-DESAYUNO-BASICO.jpg"},{"@type":"BreadcrumbList","@id":"https:\/\/laplattea.com\/menus-desayuno\/#breadcrumb","itemListElement":[{"@type":"ListItem","position":1,"name":"Portada","item":"https:\/\/laplattea.com\/"},{"@type":"ListItem","position":2,"name":"Men\u00fas Desayuno"}]},{"@type":"WebSite","@id":"https:\/\/laplattea.com\/#website","url":"https:\/\/laplattea.com\/","name":"La Plattea","description":"Just another WordPress site","potentialAction":[{"@type":"SearchAction","target":{"@type":"EntryPoint","urlTemplate":"https:\/\/laplattea.com\/?s={search_term_string}"},"query-input":{"@type":"PropertyValueSpecification","valueRequired":true,"valueName":"search_term_string"}}],"inLanguage":"en-US"}]}},"_links":{"self":[{"href":"https:\/\/laplattea.com\/en\/wp-json\/wp\/v2\/pages\/999","targetHints":{"allow":["GET"]}}],"collection":[{"href":"https:\/\/laplattea.com\/en\/wp-json\/wp\/v2\/pages"}],"about":[{"href":"https:\/\/laplattea.com\/en\/wp-json\/wp\/v2\/types\/page"}],"author":[{"embeddable":true,"href":"https:\/\/laplattea.com\/en\/wp-json\/wp\/v2\/users\/1"}],"replies":[{"embeddable":true,"href":"https:\/\/laplattea.com\/en\/wp-json\/wp\/v2\/comments?post=999"}],"version-history":[{"count":61,"href":"https:\/\/laplattea.com\/en\/wp-json\/wp\/v2\/pages\/999\/revisions"}],"predecessor-version":[{"id":1553,"href":"https:\/\/laplattea.com\/en\/wp-json\/wp\/v2\/pages\/999\/revisions\/1553"}],"wp:attachment":[{"href":"https:\/\/laplattea.com\/en\/wp-json\/wp\/v2\/media?parent=999"}],"curies":[{"name":"wp","href":"https:\/\/api.w.org\/{rel}","templated":true}]}}